{"id":318,"date":"2022-11-13T21:00:20","date_gmt":"2022-11-13T20:00:20","guid":{"rendered":"http:\/\/nils.jensen.berlin\/?page_id=318"},"modified":"2022-11-13T23:40:41","modified_gmt":"2022-11-13T22:40:41","slug":"presse","status":"publish","type":"page","link":"http:\/\/nils.jensen.berlin\/index.php\/presse\/","title":{"rendered":"PRESSE"},"content":{"rendered":"\n<p>Hier finden Sie eine \u00dcbersicht der journalistischen Erw\u00e4hnungen von Nils Jensen. F\u00fcr Interviewanfragen und \u00c4hnliches nutzen Sie bitte die Kontaktseite.<\/p>\n\n\n\n<hr class=\"wp-block-separator\"\/>\n\n\n<div class=\"vlp-link-container vlp-layout-spotlight wp-block-visual-link-preview-link\"><a href=\"https:\/\/www.tagesspiegel.de\/potsdam\/potsdam-kultur\/schonheiten-und-abgrunde-ein-abend-mit-haydn-und-hennig-8817562.html\" class=\"vlp-link\" title=\"Sch\u00f6nheiten und Abgr\u00fcnde: Ein Abend mit Haydn und Hennig\" rel=\"nofollow\" target=\"_blank\"><\/a><div class=\"vlp-layout-zone-side\"><div class=\"vlp-block-4 vlp-link-image\"><img decoding=\"async\" src=\"https:\/\/www.tagesspiegel.de\/potsdam\/images\/heprodimagesfotos93120220527jensen3016120220526125252299jpg\/alternates\/BASE_16_9_W1400\/heprodimagesfotos93120220527jensen3016120220526125252299jpg.jpeg\" style=\"max-width: 1024px; max-height: 1024px\" \/><\/div><\/div><div class=\"vlp-layout-zone-main\"><div class=\"vlp-block-0 vlp-link-title\">Sch\u00f6nheiten und Abgr\u00fcnde: Ein Abend mit Haydn und Hennig<\/div><div class=\"vlp-block-1 vlp-link-summary\">Neben Haydns hymnischer\u00a0\u201eSch\u00f6pfung\u201c\u00a0erklang im Nikolaisaal\u00a0\u201eein S\u00fcndenfall\u201c von Thomas Hennig. Am Ende gab\u2019s begeistert Applaus.<br \/>\n<br \/>\nQuelle: Tagesspiegel\/Potsdamer Neueste Nachrichten vom 01.11.2022<\/div><div class=\"vlp-block-2 vlp-link-button\">Read More<\/div><div class=\"vlp-block-3 vlp-link-url\">www.tagesspiegel.de<\/div><\/div><\/div>\n\n\n<hr class=\"wp-block-separator\"\/>\n\n\n<div class=\"vlp-link-container vlp-layout-spotlight wp-block-visual-link-preview-link\"><a href=\"https:\/\/www.maz-online.de\/lokales\/potsdam\/musiker-psychologe-und-dompteur-der-kuenstlerische-leiter-der-potsdamer-singakademie-nils-jensen-EA43GUOHF4OAIVVKDL472GMDJ4.html\" class=\"vlp-link\" title=\"\u201eMusiker, Psychologe und Dompteur\u201c \u2013 Der k\u00fcnstlerische Leiter der Potsdamer Singakademie Nils Jensen\" rel=\"nofollow\" target=\"_blank\"><\/a><div class=\"vlp-layout-zone-side\"><div class=\"vlp-block-4 vlp-link-image\"><img decoding=\"async\" src=\"https:\/\/www.maz-online.de\/resizer\/z0VSiYFArgz55FJWWVPPGrvx1Nk=\/1200x675\/filters:quality(70):watermark(assets.rndtech.de\/maz\/watermark-plus.svg,50,50,0)\/cloudfront-eu-central-1.images.arcpublishing.com\/madsack\/MV6OCYMP2VSYQX2A5FGULN4VSQ.jpg\" style=\"max-width: 1024px; max-height: 1024px\" \/><\/div><\/div><div class=\"vlp-layout-zone-main\"><div class=\"vlp-block-0 vlp-link-title\">\u201eMusiker, Psychologe und Dompteur\u201c \u2013 Der k\u00fcnstlerische Leiter der Potsdamer Singakademie Nils Jensen<\/div><div class=\"vlp-block-1 vlp-link-summary\">Nils Jensen ist Dirigent und neuer k\u00fcnstlerischer Leiter der Potsdamer Singerakademie. Er \u00fcber die facettenreichen Aufgaben beim Dirigieren, Flow-Momente und die symbolische Bedeutung des Taktstocks.<br \/>\n<br \/>\nQuelle: M\u00e4rkische Oderzeitung vom 17.08.2022<\/div><div class=\"vlp-block-2 vlp-link-button\">Read More<\/div><div class=\"vlp-block-3 vlp-link-url\">www.maz-online.de<\/div><\/div><\/div>\n\n\n<hr class=\"wp-block-separator\"\/>\n\n\n<div class=\"vlp-link-container vlp-layout-spotlight wp-block-visual-link-preview-link\"><a href=\"https:\/\/www.ardmediathek.de\/video\/mdr-dok\/leise-laut-gaensehaut\/mdr-fernsehen\/Y3JpZDovL21kci5kZS9iZWl0cmFnL2Ntcy8yY2U2NmIwNS00MmQxLTQ3NzgtYjZiYy05YzliM2UwZDJhYWU\" class=\"vlp-link\" title=\"MDR Dok: Leise, Laut - G\u00e4nsehaut! | ARD Mediathek\" rel=\"nofollow\" target=\"_blank\"><\/a><div class=\"vlp-layout-zone-side\"><div class=\"vlp-block-4 vlp-link-image\"><img loading=\"lazy\" decoding=\"async\" style=\"max-width: 700px;\" width=\"700\" height=\"525\" src=\"http:\/\/nils.jensen.berlin\/wp-content\/uploads\/2022\/11\/IMG-20220515-WA0024.jpg\" class=\"attachment-large size-large\" alt=\"\" srcset=\"http:\/\/nils.jensen.berlin\/wp-content\/uploads\/2022\/11\/IMG-20220515-WA0024.jpg 1024w, http:\/\/nils.jensen.berlin\/wp-content\/uploads\/2022\/11\/IMG-20220515-WA0024-300x225.jpg 300w, http:\/\/nils.jensen.berlin\/wp-content\/uploads\/2022\/11\/IMG-20220515-WA0024-768x576.jpg 768w\" sizes=\"auto, (max-width: 700px) 100vw, 700px\" \/><\/div><\/div><div class=\"vlp-layout-zone-main\"><div class=\"vlp-block-0 vlp-link-title\">MDR Dok: Leise, Laut &#8211; G\u00e4nsehaut! | ARD Mediathek<\/div><div class=\"vlp-block-1 vlp-link-summary\">Leise, Laut &#8211; G\u00e4nsehaut! | Video | Die ARD-Doku zum Deutschen Chorfest erz\u00e4hlt von Gemeinschaftsgef\u00fchl und Gl\u00fcck durch gemeinsames Singen. S\u00e4ngerInnen und ChorleiterInnen von vier herausragenden Ch\u00f6ren aus ganz Deutschland stehen dabei im Mittelpunkt.<br \/>\n<br \/>\nQuelle: ARD vom 27.05.2022<\/div><div class=\"vlp-block-2 vlp-link-button\">Read More<\/div><div class=\"vlp-block-3 vlp-link-url\">www.ardmediathek.de<\/div><\/div><\/div>\n\n\n<hr class=\"wp-block-separator\"\/>\n\n\n<div class=\"vlp-link-container vlp-layout-spotlight wp-block-visual-link-preview-link\"><a href=\"https:\/\/www.rbb24.de\/kultur\/beitrag\/2022\/05\/neuruppin-a-cappella-chor-geschichte-deutsches-chorfest-leipzig.html\" class=\"vlp-link\" title=\"\u201cDas ist das Gemeinschaftserlebnis\u201d\" rel=\"nofollow\" target=\"_blank\"><\/a><div class=\"vlp-layout-zone-side\"><div class=\"vlp-block-4 vlp-link-image\"><img loading=\"lazy\" decoding=\"async\" style=\"max-width: 700px;\" width=\"700\" height=\"394\" src=\"http:\/\/nils.jensen.berlin\/wp-content\/uploads\/2022\/11\/size708x398.jpg\" class=\"attachment-large size-large\" alt=\"\" srcset=\"http:\/\/nils.jensen.berlin\/wp-content\/uploads\/2022\/11\/size708x398.jpg 708w, http:\/\/nils.jensen.berlin\/wp-content\/uploads\/2022\/11\/size708x398-300x169.jpg 300w\" sizes=\"auto, (max-width: 700px) 100vw, 700px\" \/><\/div><\/div><div class=\"vlp-layout-zone-main\"><div class=\"vlp-block-0 vlp-link-title\">\u201cDas ist das Gemeinschaftserlebnis\u201d<\/div><div class=\"vlp-block-1 vlp-link-summary\">Der Neuruppiner A-cappella-Chor feierte 2021 sein 50-j\u00e4hriges Bestehen. Am verl\u00e4ngerten Himmelfahrtswochenende nimmt er nun beim Deutschen Chorfest in Leipzig teil &#8211; und bereitet sich intensiv vor. Bj\u00f6rn Haase-Wendt hat eine Probe besucht.<br \/>\n<br \/>\nQuelle: RBB24 vom 26.05.2022<\/div><div class=\"vlp-block-2 vlp-link-button\">Read More<\/div><div class=\"vlp-block-3 vlp-link-url\">www.rbb24.de<\/div><\/div><\/div>\n\n\n<hr class=\"wp-block-separator\"\/>\n\n\n<div class=\"vlp-link-container vlp-layout-spotlight wp-block-visual-link-preview-link\"><a href=\"https:\/\/www.maz-online.de\/lokales\/ostprignitz-ruppin\/neuruppin\/neuruppiner-a-cappella-chor-feiert-50-jahre-und-sich-selbst-mit-grandioser-carmina-burana-WN72LXWZ4UTJ5RYY5L6CB27I6M.html\" class=\"vlp-link\" title=\"Neuruppiner A-cappella-Chor feiert 50 Jahre und sich selbst mit grandioser \u201eCarmina Burana\u201c\" rel=\"nofollow\" target=\"_blank\"><\/a><div class=\"vlp-layout-zone-side\"><div class=\"vlp-block-4 vlp-link-image\"><img decoding=\"async\" src=\"https:\/\/www.maz-online.de\/resizer\/cZDmvRm9d6aRezdQ76a1_cyrW5M=\/1200x675\/filters:quality(70):watermark(assets.rndtech.de\/maz\/watermark-plus.svg,50,50,0)\/cloudfront-eu-central-1.images.arcpublishing.com\/madsack\/3RORWDAFBCKUXTXCJENLDSO4B4.jpg\" style=\"max-width: 1024px; max-height: 1024px\" \/><\/div><\/div><div class=\"vlp-layout-zone-main\"><div class=\"vlp-block-0 vlp-link-title\">Neuruppiner A-cappella-Chor feiert 50 Jahre und sich selbst mit grandioser \u201eCarmina Burana\u201c<\/div><div class=\"vlp-block-1 vlp-link-summary\">Der Neuruppiner A-cappella-Chor feierte ein Jahr lang sein 50-j\u00e4hriges Bestehen. Feierlicher Abschluss war eine Auff\u00fchrung von Orffs \u201eCarmina Burana\u201c in der Kulturkirche \u2013 mit dem Schaffrath-Orchester Berlin, Schlagwerk, Klavier, Orgel und 120 S\u00e4ngern aus f\u00fcnf verschiedenen Neuruppiner Ch\u00f6ren.<br \/>\n<br \/>\nQuelle: M\u00e4rkische Oderzeitung vom 16.05.2022<\/div><div class=\"vlp-block-2 vlp-link-button\">Read More<\/div><div class=\"vlp-block-3 vlp-link-url\">www.maz-online.de<\/div><\/div><\/div>\n\n\n<hr class=\"wp-block-separator\"\/>\n\n\n<div class=\"vlp-link-container vlp-layout-spotlight wp-block-visual-link-preview-link\"><a href=\"https:\/\/www.berliner-woche.de\/lichtenberg\/c-kultur\/unter-dem-dach-von-canzonetta-proben-vier-choere_a343925\" class=\"vlp-link\" title=\"Alt und Jung eint die Liebe zum Gesang\" rel=\"nofollow\" target=\"_blank\"><\/a><div class=\"vlp-layout-zone-side\"><div class=\"vlp-block-4 vlp-link-image\"><img decoding=\"async\" src=\"https:\/\/media04.berliner-woche.de\/article\/2022\/04\/26\/9\/397469_XXL.jpg\" style=\"max-width: 1024px; max-height: 1024px\" \/><\/div><\/div><div class=\"vlp-layout-zone-main\"><div class=\"vlp-block-0 vlp-link-title\">Alt und Jung eint die Liebe zum Gesang<\/div><div class=\"vlp-block-1 vlp-link-summary\">In der Chorschule Canzonetta singen Menschen unterschiedlicher Generationen. \u201eUnsere Ch\u00f6re bieten Kindern, Jugendlichen und jungen Erwachsenen eine umfassende musikalische Ausbildung\u201c, erkl\u00e4rt Nils Jensen.<br \/>\n<br \/>\nQuelle: Berliner Woche vom 05.05.2022<\/div><div class=\"vlp-block-2 vlp-link-button\">Read More<\/div><div class=\"vlp-block-3 vlp-link-url\">www.berliner-woche.de<\/div><\/div><\/div>\n\n\n<p><\/p>\n","protected":false},"excerpt":{"rendered":"<p>Hier finden Sie eine \u00dcbersicht der journalistischen Erw\u00e4hnungen von Nils Jensen. F\u00fcr Interviewanfragen und \u00c4hnliches nutzen Sie bitte die Kontaktseite.<\/p>\n","protected":false},"author":1,"featured_media":0,"parent":0,"menu_order":0,"comment_status":"closed","ping_status":"closed","template":"","meta":{"footnotes":""},"class_list":["entry","page","publish","author-nhjadmin","post-318"],"_links":{"self":[{"href":"http:\/\/nils.jensen.berlin\/index.php\/wp-json\/wp\/v2\/pages\/318","targetHints":{"allow":["GET"]}}],"collection":[{"href":"http:\/\/nils.jensen.berlin\/index.php\/wp-json\/wp\/v2\/pages"}],"about":[{"href":"http:\/\/nils.jensen.berlin\/index.php\/wp-json\/wp\/v2\/types\/page"}],"author":[{"embeddable":true,"href":"http:\/\/nils.jensen.berlin\/index.php\/wp-json\/wp\/v2\/users\/1"}],"replies":[{"embeddable":true,"href":"http:\/\/nils.jensen.berlin\/index.php\/wp-json\/wp\/v2\/comments?post=318"}],"version-history":[{"count":21,"href":"http:\/\/nils.jensen.berlin\/index.php\/wp-json\/wp\/v2\/pages\/318\/revisions"}],"predecessor-version":[{"id":398,"href":"http:\/\/nils.jensen.berlin\/index.php\/wp-json\/wp\/v2\/pages\/318\/revisions\/398"}],"wp:attachment":[{"href":"http:\/\/nils.jensen.berlin\/index.php\/wp-json\/wp\/v2\/media?parent=318"}],"curies":[{"name":"wp","href":"https:\/\/api.w.org\/{rel}","templated":true}]}}